{"id":907,"date":"2021-03-22T14:46:00","date_gmt":"2021-03-22T13:46:00","guid":{"rendered":"https:\/\/www.alicemeyer.fr\/sitewordpress\/?page_id=907"},"modified":"2021-04-06T14:01:28","modified_gmt":"2021-04-06T12:01:28","slug":"40-ans-dhopital-1973-2013","status":"publish","type":"page","link":"https:\/\/www.alicemeyer.fr\/sitewordpress\/?page_id=907","title":{"rendered":"40 ans d&rsquo;h\u00f4pital, 1973-2013"},"content":{"rendered":"\n<pre class=\"wp-block-verse\">Saurez-vous reconna\u00eetre quelle est la fonction de ces personnes travaillant au C.H.R.U. ou pour le C.H.R.U. de Nancy ? Si <em>\"l'habit fait souvent le moine\"<\/em>, surtout dans le domaine hospitalier, parfois c'est moins \u00e9vident. \n\nExtraits :<\/pre>\n\n\n\n<hr class=\"wp-block-separator is-style-dots\"\/>\n\n\n\n<div class=\"wp-block-columns is-layout-flex wp-container-core-columns-is-layout-8f761849 wp-block-columns-is-layout-flex\">\n<div class=\"wp-block-column is-vertically-aligned-center is-layout-flow wp-block-column-is-layout-flow\">\n<figure class=\"wp-block-image size-large\"><a href=\"https:\/\/www.alicemeyer.fr\/sitewordpress\/wp-content\/uploads\/2021\/03\/8_couverture_40ansdhopital.jpg\"><img loading=\"lazy\" decoding=\"async\" width=\"351\" height=\"500\" src=\"https:\/\/www.alicemeyer.fr\/sitewordpress\/wp-content\/uploads\/2021\/03\/8_couverture_40ansdhopital.jpg\" alt=\"\" class=\"wp-image-908\" srcset=\"https:\/\/www.alicemeyer.fr\/sitewordpress\/wp-content\/uploads\/2021\/03\/8_couverture_40ansdhopital.jpg 351w, https:\/\/www.alicemeyer.fr\/sitewordpress\/wp-content\/uploads\/2021\/03\/8_couverture_40ansdhopital-211x300.jpg 211w, https:\/\/www.alicemeyer.fr\/sitewordpress\/wp-content\/uploads\/2021\/03\/8_couverture_40ansdhopital-105x150.jpg 105w\" sizes=\"auto, (max-width: 351px) 100vw, 351px\" \/><\/a><\/figure>\n<\/div>\n\n\n\n<div class=\"wp-block-column is-vertically-aligned-center is-layout-flow wp-block-column-is-layout-flow\">\n<figure class=\"wp-block-image size-full\"><a href=\"https:\/\/www.alicemeyer.fr\/sitewordpress\/wp-content\/uploads\/2021\/03\/Livre_40ans-1.jpg\"><img loading=\"lazy\" decoding=\"async\" width=\"567\" height=\"425\" src=\"https:\/\/www.alicemeyer.fr\/sitewordpress\/wp-content\/uploads\/2021\/03\/Livre_40ans-1.jpg\" alt=\"Edition (textes, t\u00e9moignages, photographies, documents) du CHRU de Nancy au profit de l'association Les blouses roses.\" class=\"wp-image-910\" srcset=\"https:\/\/www.alicemeyer.fr\/sitewordpress\/wp-content\/uploads\/2021\/03\/Livre_40ans-1.jpg 567w, https:\/\/www.alicemeyer.fr\/sitewordpress\/wp-content\/uploads\/2021\/03\/Livre_40ans-1-300x225.jpg 300w, https:\/\/www.alicemeyer.fr\/sitewordpress\/wp-content\/uploads\/2021\/03\/Livre_40ans-1-150x112.jpg 150w\" sizes=\"auto, (max-width: 567px) 100vw, 567px\" \/><\/a><figcaption>Edition (textes, t\u00e9moignages, photographies, documents) du CHRU de Nancy au profit de l\u2019association Les blouses roses.<\/figcaption><\/figure>\n<\/div>\n\n\n\n<div class=\"wp-block-column is-vertically-aligned-center is-layout-flow wp-block-column-is-layout-flow\">\n<figure class=\"wp-block-image size-full\"><a href=\"https:\/\/www.alicemeyer.fr\/sitewordpress\/wp-content\/uploads\/2021\/03\/IMG_4196.jpg\"><img loading=\"lazy\" decoding=\"async\" width=\"850\" height=\"567\" src=\"https:\/\/www.alicemeyer.fr\/sitewordpress\/wp-content\/uploads\/2021\/03\/IMG_4196.jpg\" alt=\"\" class=\"wp-image-930\" srcset=\"https:\/\/www.alicemeyer.fr\/sitewordpress\/wp-content\/uploads\/2021\/03\/IMG_4196.jpg 850w, https:\/\/www.alicemeyer.fr\/sitewordpress\/wp-content\/uploads\/2021\/03\/IMG_4196-300x200.jpg 300w, https:\/\/www.alicemeyer.fr\/sitewordpress\/wp-content\/uploads\/2021\/03\/IMG_4196-150x100.jpg 150w, https:\/\/www.alicemeyer.fr\/sitewordpress\/wp-content\/uploads\/2021\/03\/IMG_4196-768x512.jpg 768w\" sizes=\"auto, (max-width: 850px) 100vw, 850px\" \/><\/a><figcaption>Exposition au CHRU de Nancy-Brabois avec inauguration du maire de Nancy, 2013.<\/figcaption><\/figure>\n<\/div>\n<\/div>\n\n\n\n<div class=\"wp-block-columns is-layout-flex wp-container-core-columns-is-layout-8f761849 wp-block-columns-is-layout-flex\">\n<div class=\"wp-block-column is-layout-flow wp-block-column-is-layout-flow\">\n<figure class=\"wp-block-image size-large\"><a href=\"https:\/\/www.alicemeyer.fr\/sitewordpress\/wp-content\/uploads\/2021\/03\/ALIOT_HD_cmjn.jpg\"><img loading=\"lazy\" decoding=\"async\" width=\"472\" height=\"709\" src=\"https:\/\/www.alicemeyer.fr\/sitewordpress\/wp-content\/uploads\/2021\/03\/ALIOT_HD_cmjn.jpg\" alt=\"Monsieur Aliot photographi\u00e9 par Alice Meyer au secteur de Cardiologie M\u00e9dicale \u00e0 l'Institut Louis Mathieu \u00e0 Brabois en juin 2013 dans le cadre des 40 ans du CHU de Nancy-Brabois.\" class=\"wp-image-911\" srcset=\"https:\/\/www.alicemeyer.fr\/sitewordpress\/wp-content\/uploads\/2021\/03\/ALIOT_HD_cmjn.jpg 472w, https:\/\/www.alicemeyer.fr\/sitewordpress\/wp-content\/uploads\/2021\/03\/ALIOT_HD_cmjn-200x300.jpg 200w, https:\/\/www.alicemeyer.fr\/sitewordpress\/wp-content\/uploads\/2021\/03\/ALIOT_HD_cmjn-100x150.jpg 100w\" sizes=\"auto, (max-width: 472px) 100vw, 472px\" \/><\/a><\/figure>\n<\/div>\n\n\n\n<div class=\"wp-block-column is-layout-flow wp-block-column-is-layout-flow\">\n<figure class=\"wp-block-image size-large\"><a href=\"https:\/\/www.alicemeyer.fr\/sitewordpress\/wp-content\/uploads\/2021\/03\/BORODOWSKI_HD_cmjn.jpg\"><img loading=\"lazy\" decoding=\"async\" width=\"473\" height=\"709\" src=\"https:\/\/www.alicemeyer.fr\/sitewordpress\/wp-content\/uploads\/2021\/03\/BORODOWSKI_HD_cmjn.jpg\" alt=\"Madame Borodowski photographi\u00e9e par Alice Meyer au b\u00e2timent de Neurosciences sur le site de l'H\u00f4pital Central du CHU de Nancy-Brabois en juin 2013 dans le cadre des 40 ans du CHU de Nancy-Brabois.\" class=\"wp-image-912\" srcset=\"https:\/\/www.alicemeyer.fr\/sitewordpress\/wp-content\/uploads\/2021\/03\/BORODOWSKI_HD_cmjn.jpg 473w, https:\/\/www.alicemeyer.fr\/sitewordpress\/wp-content\/uploads\/2021\/03\/BORODOWSKI_HD_cmjn-200x300.jpg 200w, https:\/\/www.alicemeyer.fr\/sitewordpress\/wp-content\/uploads\/2021\/03\/BORODOWSKI_HD_cmjn-100x150.jpg 100w\" sizes=\"auto, (max-width: 473px) 100vw, 473px\" \/><\/a><\/figure>\n<\/div>\n\n\n\n<div class=\"wp-block-column is-layout-flow wp-block-column-is-layout-flow\">\n<figure class=\"wp-block-image size-large\"><a href=\"https:\/\/www.alicemeyer.fr\/sitewordpress\/wp-content\/uploads\/2021\/03\/BROVILLE_HD_cmjn.jpg\"><img loading=\"lazy\" decoding=\"async\" width=\"473\" height=\"709\" src=\"https:\/\/www.alicemeyer.fr\/sitewordpress\/wp-content\/uploads\/2021\/03\/BROVILLE_HD_cmjn.jpg\" alt=\"Monsieur Broville photographi\u00e9e par Alice Meyer en Anesth\u00e9siologie dans le service de Chirurgie orthop\u00e9dique et traumatologique en juin 2013 dans le cadre des 40 ans du CHU de Nancy-Brabois.\" class=\"wp-image-913\" srcset=\"https:\/\/www.alicemeyer.fr\/sitewordpress\/wp-content\/uploads\/2021\/03\/BROVILLE_HD_cmjn.jpg 473w, https:\/\/www.alicemeyer.fr\/sitewordpress\/wp-content\/uploads\/2021\/03\/BROVILLE_HD_cmjn-200x300.jpg 200w, https:\/\/www.alicemeyer.fr\/sitewordpress\/wp-content\/uploads\/2021\/03\/BROVILLE_HD_cmjn-100x150.jpg 100w\" sizes=\"auto, (max-width: 473px) 100vw, 473px\" \/><\/a><\/figure>\n<\/div>\n<\/div>\n\n\n\n<div class=\"wp-block-columns is-layout-flex wp-container-core-columns-is-layout-8f761849 wp-block-columns-is-layout-flex\">\n<div class=\"wp-block-column is-layout-flow wp-block-column-is-layout-flow\">\n<figure class=\"wp-block-image size-large\"><a href=\"https:\/\/www.alicemeyer.fr\/sitewordpress\/wp-content\/uploads\/2021\/03\/CADETPROVIN_HD_cmjn.jpg\"><img loading=\"lazy\" decoding=\"async\" width=\"473\" height=\"709\" src=\"https:\/\/www.alicemeyer.fr\/sitewordpress\/wp-content\/uploads\/2021\/03\/CADETPROVIN_HD_cmjn.jpg\" alt=\"Madame Cadet-Provin photographi\u00e9e par Alice Meyer \u00e0 l'Institut de formation en soins infirmiers sur le site de l'H\u00f4pital Central en mai 2013 dans le cadre des 40 ans du CHU de Nancy-Brabois.\" class=\"wp-image-914\" srcset=\"https:\/\/www.alicemeyer.fr\/sitewordpress\/wp-content\/uploads\/2021\/03\/CADETPROVIN_HD_cmjn.jpg 473w, https:\/\/www.alicemeyer.fr\/sitewordpress\/wp-content\/uploads\/2021\/03\/CADETPROVIN_HD_cmjn-200x300.jpg 200w, https:\/\/www.alicemeyer.fr\/sitewordpress\/wp-content\/uploads\/2021\/03\/CADETPROVIN_HD_cmjn-100x150.jpg 100w\" sizes=\"auto, (max-width: 473px) 100vw, 473px\" \/><\/a><\/figure>\n<\/div>\n\n\n\n<div class=\"wp-block-column is-layout-flow wp-block-column-is-layout-flow\">\n<figure class=\"wp-block-image size-large\"><img loading=\"lazy\" decoding=\"async\" width=\"473\" height=\"709\" src=\"https:\/\/www.alicemeyer.fr\/sitewordpress\/wp-content\/uploads\/2021\/03\/CROIZIER_HD_cmjn.jpg\" alt=\"Madame Croizier photographi\u00e9e par Alice Meyer au service de Chirurgie Infantile Visc\u00e9rale du CHU d'enfants de Nancy-Brabois en mai 2013 dans le cadre des 40 ans du CHU de Nancy-Brabois.\" class=\"wp-image-915\" srcset=\"https:\/\/www.alicemeyer.fr\/sitewordpress\/wp-content\/uploads\/2021\/03\/CROIZIER_HD_cmjn.jpg 473w, https:\/\/www.alicemeyer.fr\/sitewordpress\/wp-content\/uploads\/2021\/03\/CROIZIER_HD_cmjn-200x300.jpg 200w, https:\/\/www.alicemeyer.fr\/sitewordpress\/wp-content\/uploads\/2021\/03\/CROIZIER_HD_cmjn-100x150.jpg 100w\" sizes=\"auto, (max-width: 473px) 100vw, 473px\" \/><\/figure>\n<\/div>\n\n\n\n<div class=\"wp-block-column is-layout-flow wp-block-column-is-layout-flow\">\n<figure class=\"wp-block-image size-large\"><a href=\"https:\/\/www.alicemeyer.fr\/sitewordpress\/wp-content\/uploads\/2021\/03\/DAMIEN_HD_cmjn.jpg\"><img loading=\"lazy\" decoding=\"async\" width=\"473\" height=\"709\" src=\"https:\/\/www.alicemeyer.fr\/sitewordpress\/wp-content\/uploads\/2021\/03\/DAMIEN_HD_cmjn.jpg\" alt=\"Madame Croizier photographi\u00e9e par Alice Meyer au service de Chirurgie Infantile Visc\u00e9rale du CHU d'enfants de Nancy-Brabois en mai 2013 dans le cadre des 40 ans du CHU de Nancy-Brabois.\" class=\"wp-image-916\" srcset=\"https:\/\/www.alicemeyer.fr\/sitewordpress\/wp-content\/uploads\/2021\/03\/DAMIEN_HD_cmjn.jpg 473w, https:\/\/www.alicemeyer.fr\/sitewordpress\/wp-content\/uploads\/2021\/03\/DAMIEN_HD_cmjn-200x300.jpg 200w, https:\/\/www.alicemeyer.fr\/sitewordpress\/wp-content\/uploads\/2021\/03\/DAMIEN_HD_cmjn-100x150.jpg 100w\" sizes=\"auto, (max-width: 473px) 100vw, 473px\" \/><\/a><\/figure>\n<\/div>\n<\/div>\n\n\n\n<div class=\"wp-block-columns is-layout-flex wp-container-core-columns-is-layout-8f761849 wp-block-columns-is-layout-flex\">\n<div class=\"wp-block-column is-layout-flow wp-block-column-is-layout-flow\">\n<figure class=\"wp-block-image size-large\"><a href=\"https:\/\/www.alicemeyer.fr\/sitewordpress\/wp-content\/uploads\/2021\/03\/DUBOIS_HD_cmjn.jpg\"><img loading=\"lazy\" decoding=\"async\" width=\"473\" height=\"709\" src=\"https:\/\/www.alicemeyer.fr\/sitewordpress\/wp-content\/uploads\/2021\/03\/DUBOIS_HD_cmjn.jpg\" alt=\"Madame Dubois photographi\u00e9e par Alice Meyer au laboratoire d'analyses bact\u00e9riologiques de l'H\u00f4pital central en juin 2013 dans le cadre des 40 ans du CHU de Nancy-Brabois.\" class=\"wp-image-917\" srcset=\"https:\/\/www.alicemeyer.fr\/sitewordpress\/wp-content\/uploads\/2021\/03\/DUBOIS_HD_cmjn.jpg 473w, https:\/\/www.alicemeyer.fr\/sitewordpress\/wp-content\/uploads\/2021\/03\/DUBOIS_HD_cmjn-200x300.jpg 200w, https:\/\/www.alicemeyer.fr\/sitewordpress\/wp-content\/uploads\/2021\/03\/DUBOIS_HD_cmjn-100x150.jpg 100w\" sizes=\"auto, (max-width: 473px) 100vw, 473px\" \/><\/a><\/figure>\n<\/div>\n\n\n\n<div class=\"wp-block-column is-layout-flow wp-block-column-is-layout-flow\">\n<figure class=\"wp-block-image size-large\"><a href=\"https:\/\/www.alicemeyer.fr\/sitewordpress\/wp-content\/uploads\/2021\/03\/FOUQUET_HD_cmjn.jpg\"><img loading=\"lazy\" decoding=\"async\" width=\"473\" height=\"709\" src=\"https:\/\/www.alicemeyer.fr\/sitewordpress\/wp-content\/uploads\/2021\/03\/FOUQUET_HD_cmjn.jpg\" alt=\"Monsieur Fouquet photographi\u00e9 par Alice Meyer devant les serres du CHU \u00e0 proximit\u00e9 des h\u00f4pitaux Maringer Villemin Fournier en mai 2013 dans le cadre des 40 ans du CHU de Nancy-Brabois.\" class=\"wp-image-918\" srcset=\"https:\/\/www.alicemeyer.fr\/sitewordpress\/wp-content\/uploads\/2021\/03\/FOUQUET_HD_cmjn.jpg 473w, https:\/\/www.alicemeyer.fr\/sitewordpress\/wp-content\/uploads\/2021\/03\/FOUQUET_HD_cmjn-200x300.jpg 200w, https:\/\/www.alicemeyer.fr\/sitewordpress\/wp-content\/uploads\/2021\/03\/FOUQUET_HD_cmjn-100x150.jpg 100w\" sizes=\"auto, (max-width: 473px) 100vw, 473px\" \/><\/a><\/figure>\n<\/div>\n\n\n\n<div class=\"wp-block-column is-layout-flow wp-block-column-is-layout-flow\">\n<figure class=\"wp-block-image size-large\"><img loading=\"lazy\" decoding=\"async\" width=\"473\" height=\"709\" src=\"https:\/\/www.alicemeyer.fr\/sitewordpress\/wp-content\/uploads\/2021\/03\/HARLON_HD_cmjn-copie-1.jpg\" alt=\"Madame Harlon photographi\u00e9e par Alice Meyer \u00e0 la blanchisserie du CHU de Nancy-Brabois en juin 2013 dans le cadre des 40 ans du CHU de Nancy-Brabois.\" class=\"wp-image-919\" srcset=\"https:\/\/www.alicemeyer.fr\/sitewordpress\/wp-content\/uploads\/2021\/03\/HARLON_HD_cmjn-copie-1.jpg 473w, https:\/\/www.alicemeyer.fr\/sitewordpress\/wp-content\/uploads\/2021\/03\/HARLON_HD_cmjn-copie-1-200x300.jpg 200w, https:\/\/www.alicemeyer.fr\/sitewordpress\/wp-content\/uploads\/2021\/03\/HARLON_HD_cmjn-copie-1-100x150.jpg 100w\" sizes=\"auto, (max-width: 473px) 100vw, 473px\" \/><\/figure>\n<\/div>\n<\/div>\n\n\n\n<div class=\"wp-block-columns is-layout-flex wp-container-core-columns-is-layout-8f761849 wp-block-columns-is-layout-flex\">\n<div class=\"wp-block-column is-layout-flow wp-block-column-is-layout-flow\">\n<figure class=\"wp-block-image size-large\"><a href=\"https:\/\/www.alicemeyer.fr\/sitewordpress\/wp-content\/uploads\/2021\/03\/RECEVEUR_HD_cmjn-copie.jpg\"><img loading=\"lazy\" decoding=\"async\" width=\"473\" height=\"709\" src=\"https:\/\/www.alicemeyer.fr\/sitewordpress\/wp-content\/uploads\/2021\/03\/RECEVEUR_HD_cmjn-copie.jpg\" alt=\"Monsieur Receveur photographi\u00e9 par Alice Meyer devant le service Transport Logistique sur le site des H\u00f4pitaux Maringer Villemin Fournier en mai 2013 dans le cadre des 40 ans du CHU de Nancy-Brabois.\" class=\"wp-image-920\" srcset=\"https:\/\/www.alicemeyer.fr\/sitewordpress\/wp-content\/uploads\/2021\/03\/RECEVEUR_HD_cmjn-copie.jpg 473w, https:\/\/www.alicemeyer.fr\/sitewordpress\/wp-content\/uploads\/2021\/03\/RECEVEUR_HD_cmjn-copie-200x300.jpg 200w, https:\/\/www.alicemeyer.fr\/sitewordpress\/wp-content\/uploads\/2021\/03\/RECEVEUR_HD_cmjn-copie-100x150.jpg 100w\" sizes=\"auto, (max-width: 473px) 100vw, 473px\" \/><\/a><\/figure>\n<\/div>\n\n\n\n<div class=\"wp-block-column is-layout-flow wp-block-column-is-layout-flow\">\n<figure class=\"wp-block-image size-large\"><a href=\"https:\/\/www.alicemeyer.fr\/sitewordpress\/wp-content\/uploads\/2021\/03\/REMY_HD_cmjn-copie.jpg\"><img loading=\"lazy\" decoding=\"async\" width=\"473\" height=\"709\" src=\"https:\/\/www.alicemeyer.fr\/sitewordpress\/wp-content\/uploads\/2021\/03\/REMY_HD_cmjn-copie.jpg\" alt=\"Madame R\u00e9my photographi\u00e9e par Alice Meyer dans le service Diab\u00e9tologie-nutrition du CHU de Nancy-Brabois en juin 2013 dans le cadre des 40 ans du CHU de Nancy-Brabois.\" class=\"wp-image-921\" srcset=\"https:\/\/www.alicemeyer.fr\/sitewordpress\/wp-content\/uploads\/2021\/03\/REMY_HD_cmjn-copie.jpg 473w, https:\/\/www.alicemeyer.fr\/sitewordpress\/wp-content\/uploads\/2021\/03\/REMY_HD_cmjn-copie-200x300.jpg 200w, https:\/\/www.alicemeyer.fr\/sitewordpress\/wp-content\/uploads\/2021\/03\/REMY_HD_cmjn-copie-100x150.jpg 100w\" sizes=\"auto, (max-width: 473px) 100vw, 473px\" \/><\/a><\/figure>\n<\/div>\n\n\n\n<div class=\"wp-block-column is-layout-flow wp-block-column-is-layout-flow\">\n<figure class=\"wp-block-image size-large\"><a href=\"https:\/\/www.alicemeyer.fr\/sitewordpress\/wp-content\/uploads\/2021\/03\/THALMENSY_HD_cmjn-copie.jpg\"><img loading=\"lazy\" decoding=\"async\" width=\"473\" height=\"709\" src=\"https:\/\/www.alicemeyer.fr\/sitewordpress\/wp-content\/uploads\/2021\/03\/THALMENSY_HD_cmjn-copie.jpg\" alt=\"Monsieur Thalmensy photographi\u00e9 par Alice Meyer au magasin du CHU \u00e0 l'H\u00f4pital Central en juin 2013 dans le cadre des 40 ans du CHU de Nancy-Brabois.\" class=\"wp-image-922\" srcset=\"https:\/\/www.alicemeyer.fr\/sitewordpress\/wp-content\/uploads\/2021\/03\/THALMENSY_HD_cmjn-copie.jpg 473w, https:\/\/www.alicemeyer.fr\/sitewordpress\/wp-content\/uploads\/2021\/03\/THALMENSY_HD_cmjn-copie-200x300.jpg 200w, https:\/\/www.alicemeyer.fr\/sitewordpress\/wp-content\/uploads\/2021\/03\/THALMENSY_HD_cmjn-copie-100x150.jpg 100w\" sizes=\"auto, (max-width: 473px) 100vw, 473px\" \/><\/a><\/figure>\n<\/div>\n<\/div>\n\n\n\n<div class=\"wp-block-columns is-layout-flex wp-container-core-columns-is-layout-8f761849 wp-block-columns-is-layout-flex\">\n<div class=\"wp-block-column is-layout-flow wp-block-column-is-layout-flow\">\n<figure class=\"wp-block-image size-large\"><a href=\"https:\/\/www.alicemeyer.fr\/sitewordpress\/wp-content\/uploads\/2021\/03\/THOMANN_HD_cmjn-copie.jpg\"><img loading=\"lazy\" decoding=\"async\" width=\"473\" height=\"709\" src=\"https:\/\/www.alicemeyer.fr\/sitewordpress\/wp-content\/uploads\/2021\/03\/THOMANN_HD_cmjn-copie.jpg\" alt=\"Madame Thomann photographi\u00e9e par Alice Meyer au secteur de Chirurgie g\u00e9n\u00e9rale et d'urgence \u00e0 l'H\u00f4pital Central en mai 2013 dans le cadre des 40 ans du CHU de Nancy-Brabois.\" class=\"wp-image-923\" srcset=\"https:\/\/www.alicemeyer.fr\/sitewordpress\/wp-content\/uploads\/2021\/03\/THOMANN_HD_cmjn-copie.jpg 473w, https:\/\/www.alicemeyer.fr\/sitewordpress\/wp-content\/uploads\/2021\/03\/THOMANN_HD_cmjn-copie-200x300.jpg 200w, https:\/\/www.alicemeyer.fr\/sitewordpress\/wp-content\/uploads\/2021\/03\/THOMANN_HD_cmjn-copie-100x150.jpg 100w\" sizes=\"auto, (max-width: 473px) 100vw, 473px\" \/><\/a><\/figure>\n<\/div>\n\n\n\n<div class=\"wp-block-column is-layout-flow wp-block-column-is-layout-flow\">\n<figure class=\"wp-block-image size-large\"><a href=\"https:\/\/www.alicemeyer.fr\/sitewordpress\/wp-content\/uploads\/2021\/03\/VICAIRE_HD_cmjn-copie.jpg\"><img loading=\"lazy\" decoding=\"async\" width=\"473\" height=\"709\" src=\"https:\/\/www.alicemeyer.fr\/sitewordpress\/wp-content\/uploads\/2021\/03\/VICAIRE_HD_cmjn-copie.jpg\" alt=\"Monsieur Vicaire photographi\u00e9 par Alice Meyer au Club Ado du service de Chirurgie Infantile Visc\u00e9rale du CHU d'enfants de Nancy-Brabois en mai 2013 dans le cadre des 40 ans du CHU de Nancy-Brabois.\" class=\"wp-image-924\" srcset=\"https:\/\/www.alicemeyer.fr\/sitewordpress\/wp-content\/uploads\/2021\/03\/VICAIRE_HD_cmjn-copie.jpg 473w, https:\/\/www.alicemeyer.fr\/sitewordpress\/wp-content\/uploads\/2021\/03\/VICAIRE_HD_cmjn-copie-200x300.jpg 200w, https:\/\/www.alicemeyer.fr\/sitewordpress\/wp-content\/uploads\/2021\/03\/VICAIRE_HD_cmjn-copie-100x150.jpg 100w\" sizes=\"auto, (max-width: 473px) 100vw, 473px\" \/><\/a><\/figure>\n<\/div>\n\n\n\n<div class=\"wp-block-column is-layout-flow wp-block-column-is-layout-flow\"><\/div>\n<\/div>\n\n\n\n<p class=\"wp-block-paragraph\"><\/p>\n","protected":false},"excerpt":{"rendered":"<p>Saurez-vous reconna\u00eetre quelle est la fonction de ces personnes travaillant au C.H.R.U. ou pour le C.H.R.U. de Nancy ? Si \u00ab\u00a0l&rsquo;habit fait souvent le moine\u00a0\u00bb, [&hellip;]<\/p>\n","protected":false},"author":1,"featured_media":0,"parent":0,"menu_order":0,"comment_status":"closed","ping_status":"closed","template":"","meta":{"_crdt_document":"","footnotes":""},"class_list":["post-907","page","type-page","status-publish","hentry"],"_links":{"self":[{"href":"https:\/\/www.alicemeyer.fr\/sitewordpress\/index.php?rest_route=\/wp\/v2\/pages\/907","targetHints":{"allow":["GET"]}}],"collection":[{"href":"https:\/\/www.alicemeyer.fr\/sitewordpress\/index.php?rest_route=\/wp\/v2\/pages"}],"about":[{"href":"https:\/\/www.alicemeyer.fr\/sitewordpress\/index.php?rest_route=\/wp\/v2\/types\/page"}],"author":[{"embeddable":true,"href":"https:\/\/www.alicemeyer.fr\/sitewordpress\/index.php?rest_route=\/wp\/v2\/users\/1"}],"replies":[{"embeddable":true,"href":"https:\/\/www.alicemeyer.fr\/sitewordpress\/index.php?rest_route=%2Fwp%2Fv2%2Fcomments&post=907"}],"version-history":[{"count":19,"href":"https:\/\/www.alicemeyer.fr\/sitewordpress\/index.php?rest_route=\/wp\/v2\/pages\/907\/revisions"}],"predecessor-version":[{"id":1644,"href":"https:\/\/www.alicemeyer.fr\/sitewordpress\/index.php?rest_route=\/wp\/v2\/pages\/907\/revisions\/1644"}],"wp:attachment":[{"href":"https:\/\/www.alicemeyer.fr\/sitewordpress\/index.php?rest_route=%2Fwp%2Fv2%2Fmedia&parent=907"}],"curies":[{"name":"wp","href":"https:\/\/api.w.org\/{rel}","templated":true}]}}